{"id":8342,"date":"2023-09-22T16:58:58","date_gmt":"2023-09-22T16:58:58","guid":{"rendered":"https:\/\/www.asfeliu.es\/servicios\/"},"modified":"2023-09-26T15:24:50","modified_gmt":"2023-09-26T15:24:50","slug":"servicios","status":"publish","type":"page","link":"https:\/\/www.asfeliu.es\/es\/servicios\/","title":{"rendered":"Servicios"},"content":{"rendered":"<div class=\"wpb-content-wrapper\"><p>[vc_section css=\u00bb.vc_custom_1695485272687{padding-top: 60px !important;padding-bottom: 22px !important;background-color: rgb(249, 130, 127) !important;}\u00bb][vc_row][vc_column][vc_column_text]<\/p>\n<h1 style=\"text-align: center; color: white; font-weight: 600;\">Servicios de asesoramiento y gesti\u00f3n fiscal-contable<\/h1>\n<p>[\/vc_column_text][\/vc_column][\/vc_row][\/vc_section][vc_section][vc_row][vc_column width=\u00bb1\/2&#8243;]<div class=\"wpb_content_element \"><style type=\"text\/css\">#ut_header_69f1de11c28a6 h2.section-title, #ut_header_69f1de11c28a6 h2.section-title span { color:rgb(249, 130, 127); }#ut_header_69f1de11c28a6 h2.section-title { font-size:45px !important;line-height:72px !important;letter-spacing:-0.05em; }#ut_header_69f1de11c28a6.pt-style-2 .page-title span:after, #ut_header_69f1de11c28a6.pt-style-2 .parallax-title span:after, #ut_header_69f1de11c28a6.pt-style-2 .section-title span:after { background-color:rgb(249, 130, 127) !important;}<\/style><header id=\"ut_header_69f1de11c28a6\" class=\"section-header  ut-no-title-linebreak-mobile ut-no-lead-linebreak-mobile pt-style-2 header-left header-tablet-left header-mobile-center element-with-custom-line-height\"><div class=\"element-with-custom-line-height\" ><h2 data-title=\"Servicios a empresas\"  data-responsive-font=\"section_title\" data-responsive-font-settings=\"{&quot;base-font-size&quot;:&quot;45&quot;,&quot;font-size-unit&quot;:&quot;px&quot;,&quot;font-size&quot;:{&quot;desktop_large&quot;:&quot;45&quot;},&quot;base-line-height&quot;:&quot;global&quot;,&quot;line-height&quot;:{&quot;desktop_large&quot;:&quot;72&quot;},&quot;base-letter-spacing&quot;:&quot;global&quot;,&quot;letter-spacing&quot;:{&quot;desktop_large&quot;:&quot;-0.05&quot;}}\" class=\"section-title  \"><span>Servicios a empresas<\/span><\/h2><\/div><\/header><\/div><div class=\"wpb_content_element \"><style class=\"bklyn-inline-styles\" type=\"text\/css\">#ut_fl_69f1de11d4ec7565470239.bklyn-fancy-list { font-size: 16px !important; }#ut_fl_69f1de11d4ec7565470239.bklyn-fancy-list { line-height: 28px !important; }#ut_fl_69f1de11d4ec7565470239 .fa { color: #f9827f; }#ut_fl_69f1de11d4ec7565470239 a .fa { color: #f9827f; }#ut_fl_69f1de11d4ec7565470239 a:visited .fa { color: #f9827f; }<\/style><div id=\"ut_fl_69f1de11d4ec7565470239\" class=\"bklyn-fancy-list  bklyn-fancy-list-left bklyn-fancy-list-tablet-left bklyn-fancy-list-mobile-center\"><ul class=\"bklyn-list bklyn-list-style-none\" data-appear-top-offset=\"almost\"><li class=\"bklyn-list-item-space-xsmall bklyn-fancy-list-item-has-icon bklyn-fancy-list-item-has-icon-center\"><i class=\"fa fa-handshake-o\"><\/i><div class=\"bklyn-fancy-list-content\"><span>Confecci\u00f3n de declaraciones tributarias (IVA, IS,...).<\/span><\/div><\/a><\/li><li class=\"bklyn-list-item-space-xsmall bklyn-fancy-list-item-has-icon bklyn-fancy-list-item-has-icon-center\"><i class=\"fa fa-handshake-o\"><\/i><div class=\"bklyn-fancy-list-content\"><span>Asistencia en requerimientos e inspecciones ante la Agencia Tributaria.<\/span><\/div><\/a><\/li><li class=\"bklyn-list-item-space-xsmall bklyn-fancy-list-item-has-icon bklyn-fancy-list-item-has-icon-center\"><i class=\"fa fa-handshake-o\"><\/i><div class=\"bklyn-fancy-list-content\"><span> Confecci\u00f3n de cuentas anuales y contabilidades.<\/span><\/div><\/a><\/li><li class=\"bklyn-list-item-space-xsmall bklyn-fancy-list-item-has-icon bklyn-fancy-list-item-has-icon-center\"><i class=\"fa fa-handshake-o\"><\/i><div class=\"bklyn-fancy-list-content\"><span>Legalizaci\u00f3n de libros contables.<\/span><\/div><\/a><\/li><li class=\"bklyn-list-item-space-xsmall bklyn-fancy-list-item-has-icon bklyn-fancy-list-item-has-icon-center\"><i class=\"fa fa-handshake-o\"><\/i><div class=\"bklyn-fancy-list-content\"><span> An\u00e1lisis de Costes.<\/span><\/div><\/a><\/li><li class=\"bklyn-list-item-space-xsmall bklyn-fancy-list-item-has-icon bklyn-fancy-list-item-has-icon-center\"><i class=\"fa fa-handshake-o\"><\/i><div class=\"bklyn-fancy-list-content\"><span> Previsi\u00f3n y gesti\u00f3n presupuestaria.<\/span><\/div><\/a><\/li><li class=\"bklyn-list-item-space-xsmall bklyn-fancy-list-item-has-icon bklyn-fancy-list-item-has-icon-center\"><i class=\"fa fa-handshake-o\"><\/i><div class=\"bklyn-fancy-list-content\"><span>Optimizaci\u00f3n de procesos administrativos.<\/span><\/div><\/a><\/li><\/ul><\/div><\/div>[\/vc_column][vc_column width=\u00bb1\/2&#8243;]<div class=\"wpb_content_element \"><style type=\"text\/css\">#ut_header_69f1de11d5e36 h2.section-title, #ut_header_69f1de11d5e36 h2.section-title span { color:rgb(249, 130, 127); }#ut_header_69f1de11d5e36 h2.section-title { font-size:45px !important;line-height:72px !important;letter-spacing:-0.05em; }#ut_header_69f1de11d5e36.pt-style-2 .page-title span:after, #ut_header_69f1de11d5e36.pt-style-2 .parallax-title span:after, #ut_header_69f1de11d5e36.pt-style-2 .section-title span:after { background-color:rgb(249, 130, 127) !important;}<\/style><header id=\"ut_header_69f1de11d5e36\" class=\"section-header  ut-no-title-linebreak-mobile ut-no-lead-linebreak-mobile pt-style-2 header-left header-tablet-left header-mobile-center element-with-custom-line-height\"><div class=\"element-with-custom-line-height\" ><h2 data-title=\"Servicios por aut\u00f3nomos y profesionales\"  data-responsive-font=\"section_title\" data-responsive-font-settings=\"{&quot;base-font-size&quot;:&quot;45&quot;,&quot;font-size-unit&quot;:&quot;px&quot;,&quot;font-size&quot;:{&quot;desktop_large&quot;:&quot;45&quot;},&quot;base-line-height&quot;:&quot;global&quot;,&quot;line-height&quot;:{&quot;desktop_large&quot;:&quot;72&quot;},&quot;base-letter-spacing&quot;:&quot;global&quot;,&quot;letter-spacing&quot;:{&quot;desktop_large&quot;:&quot;-0.05&quot;}}\" class=\"section-title  \"><span>Servicios por aut\u00f3nomos y profesionales<\/span><\/h2><\/div><\/header><\/div><div class=\"wpb_content_element \"><style class=\"bklyn-inline-styles\" type=\"text\/css\">#ut_fl_69f1de11d9721288432397.bklyn-fancy-list { font-size: 16px !important; }#ut_fl_69f1de11d9721288432397.bklyn-fancy-list { line-height: 28px !important; }#ut_fl_69f1de11d9721288432397 .fa { color: #f9827f; }#ut_fl_69f1de11d9721288432397 a .fa { color: #f9827f; }#ut_fl_69f1de11d9721288432397 a:visited .fa { color: #f9827f; }<\/style><div id=\"ut_fl_69f1de11d9721288432397\" class=\"bklyn-fancy-list  bklyn-fancy-list-left bklyn-fancy-list-tablet-left bklyn-fancy-list-mobile-center\"><ul class=\"bklyn-list bklyn-list-style-none\" data-appear-top-offset=\"almost\"><li class=\"bklyn-list-item-space-xsmall bklyn-fancy-list-item-has-icon bklyn-fancy-list-item-has-icon-center\"><i class=\"fa fa-handshake-o\"><\/i><div class=\"bklyn-fancy-list-content\"><span> Confecci\u00f3n de declaraciones tributarias (IVA, pagos fraccionados: estimaci\u00f3n directa y objetiva, declaraciones informativas, Renta y Patrimonio,...).<\/span><\/div><\/a><\/li><li class=\"bklyn-list-item-space-xsmall bklyn-fancy-list-item-has-icon bklyn-fancy-list-item-has-icon-center\"><i class=\"fa fa-handshake-o\"><\/i><div class=\"bklyn-fancy-list-content\"><span>Asistencia en requerimientos e inspecciones ante la Agencia Tributaria.<\/span><\/div><\/a><\/li><li class=\"bklyn-list-item-space-xsmall bklyn-fancy-list-item-has-icon bklyn-fancy-list-item-has-icon-center\"><i class=\"fa fa-handshake-o\"><\/i><div class=\"bklyn-fancy-list-content\"><span>Realizaci\u00f3n de facturas electr\u00f3nicas.<\/span><\/div><\/a><\/li><\/ul><\/div><\/div>[\/vc_column][\/vc_row][\/vc_section][vc_section][vc_row][vc_column width=\u00bb1\/2&#8243;]<div class=\"wpb_content_element \"><style type=\"text\/css\">#ut_header_69f1de11da610 h2.section-title, #ut_header_69f1de11da610 h2.section-title span { color:rgb(249, 130, 127); }#ut_header_69f1de11da610 h2.section-title { font-size:45px !important;line-height:72px !important;letter-spacing:-0.05em; }#ut_header_69f1de11da610.pt-style-2 .page-title span:after, #ut_header_69f1de11da610.pt-style-2 .parallax-title span:after, #ut_header_69f1de11da610.pt-style-2 .section-title span:after { background-color:rgb(249, 130, 127) !important;}<\/style><header id=\"ut_header_69f1de11da610\" class=\"section-header  ut-no-title-linebreak-mobile ut-no-lead-linebreak-mobile pt-style-2 header-left header-tablet-left header-mobile-center element-with-custom-line-height\"><div class=\"element-with-custom-line-height\" ><h2 data-title=\"Servicios para particulares\"  data-responsive-font=\"section_title\" data-responsive-font-settings=\"{&quot;base-font-size&quot;:&quot;45&quot;,&quot;font-size-unit&quot;:&quot;px&quot;,&quot;font-size&quot;:{&quot;desktop_large&quot;:&quot;45&quot;},&quot;base-line-height&quot;:&quot;global&quot;,&quot;line-height&quot;:{&quot;desktop_large&quot;:&quot;72&quot;},&quot;base-letter-spacing&quot;:&quot;global&quot;,&quot;letter-spacing&quot;:{&quot;desktop_large&quot;:&quot;-0.05&quot;}}\" class=\"section-title  \"><span>Servicios para particulares<\/span><\/h2><\/div><\/header><\/div><div class=\"wpb_content_element \"><style class=\"bklyn-inline-styles\" type=\"text\/css\">#ut_fl_69f1de11ddf31274235121.bklyn-fancy-list { font-size: 16px !important; }#ut_fl_69f1de11ddf31274235121.bklyn-fancy-list { line-height: 28px !important; }#ut_fl_69f1de11ddf31274235121 .fa { color: #f9827f; }#ut_fl_69f1de11ddf31274235121 a .fa { color: #f9827f; }#ut_fl_69f1de11ddf31274235121 a:visited .fa { color: #f9827f; }<\/style><div id=\"ut_fl_69f1de11ddf31274235121\" class=\"bklyn-fancy-list  bklyn-fancy-list-left bklyn-fancy-list-tablet-left bklyn-fancy-list-mobile-center\"><ul class=\"bklyn-list bklyn-list-style-none\" data-appear-top-offset=\"almost\"><li class=\"bklyn-list-item-space-xsmall bklyn-fancy-list-item-has-icon bklyn-fancy-list-item-has-icon-center\"><i class=\"fa fa-handshake-o\"><\/i><div class=\"bklyn-fancy-list-content\"><span> Confecci\u00f3n y presentaci\u00f3n de la declaraci\u00f3n de renta y patrimonio.<\/span><\/div><\/a><\/li><li class=\"bklyn-list-item-space-xsmall bklyn-fancy-list-item-has-icon bklyn-fancy-list-item-has-icon-center\"><i class=\"fa fa-handshake-o\"><\/i><div class=\"bklyn-fancy-list-content\"><span> Planificaci\u00f3n y optimizaci\u00f3n de la carga fiscal.<\/span><\/div><\/a><\/li><li class=\"bklyn-list-item-space-xsmall bklyn-fancy-list-item-has-icon bklyn-fancy-list-item-has-icon-center\"><i class=\"fa fa-handshake-o\"><\/i><div class=\"bklyn-fancy-list-content\"><span> Asistencia en requerimientos e inspecciones ante la Agencia Tributaria.<\/span><\/div><\/a><\/li><\/ul><\/div><\/div>[\/vc_column][vc_column width=\u00bb1\/2&#8243;]<div class=\"wpb_content_element \"><style type=\"text\/css\">#ut_header_69f1de11dee5d h2.section-title, #ut_header_69f1de11dee5d h2.section-title span { color:rgb(249, 130, 127); }#ut_header_69f1de11dee5d h2.section-title { font-size:45px !important;line-height:72px !important;letter-spacing:-0.05em; }#ut_header_69f1de11dee5d.pt-style-2 .page-title span:after, #ut_header_69f1de11dee5d.pt-style-2 .parallax-title span:after, #ut_header_69f1de11dee5d.pt-style-2 .section-title span:after { background-color:rgb(249, 130, 127) !important;}<\/style><header id=\"ut_header_69f1de11dee5d\" class=\"section-header  ut-no-title-linebreak-mobile ut-no-lead-linebreak-mobile pt-style-2 header-left header-tablet-left header-mobile-center element-with-custom-line-height\"><div class=\"element-with-custom-line-height\" ><h2 data-title=\"Serveis per a emprendedores\"  data-responsive-font=\"section_title\" data-responsive-font-settings=\"{&quot;base-font-size&quot;:&quot;45&quot;,&quot;font-size-unit&quot;:&quot;px&quot;,&quot;font-size&quot;:{&quot;desktop_large&quot;:&quot;45&quot;},&quot;base-line-height&quot;:&quot;global&quot;,&quot;line-height&quot;:{&quot;desktop_large&quot;:&quot;72&quot;},&quot;base-letter-spacing&quot;:&quot;global&quot;,&quot;letter-spacing&quot;:{&quot;desktop_large&quot;:&quot;-0.05&quot;}}\" class=\"section-title  \"><span>Serveis per a emprendedores<\/span><\/h2><\/div><\/header><\/div><div class=\"wpb_content_element \"><style class=\"bklyn-inline-styles\" type=\"text\/css\">#ut_fl_69f1de11e26f3660764830.bklyn-fancy-list { font-size: 16px !important; }#ut_fl_69f1de11e26f3660764830.bklyn-fancy-list { line-height: 28px !important; }#ut_fl_69f1de11e26f3660764830 .fa { color: #f9827f; }#ut_fl_69f1de11e26f3660764830 a .fa { color: #f9827f; }#ut_fl_69f1de11e26f3660764830 a:visited .fa { color: #f9827f; }<\/style><div id=\"ut_fl_69f1de11e26f3660764830\" class=\"bklyn-fancy-list  bklyn-fancy-list-left bklyn-fancy-list-tablet-left bklyn-fancy-list-mobile-center\"><ul class=\"bklyn-list bklyn-list-style-none\" data-appear-top-offset=\"almost\"><li class=\"bklyn-list-item-space-xsmall bklyn-fancy-list-item-has-icon bklyn-fancy-list-item-has-icon-center\"><i class=\"fa fa-handshake-o\"><\/i><div class=\"bklyn-fancy-list-content\"><span>Asesoramiento inicial sobre el r\u00e9gimen fiscal m\u00e1s adecuado a la actividad prevista.<\/span><\/div><\/a><\/li><li class=\"bklyn-list-item-space-xsmall bklyn-fancy-list-item-has-icon bklyn-fancy-list-item-has-icon-center\"><i class=\"fa fa-handshake-o\"><\/i><div class=\"bklyn-fancy-list-content\"><span> Planificaci\u00f3n y optimizaci\u00f3n de la carga fiscal.<\/span><\/div><\/a><\/li><li class=\"bklyn-list-item-space-xsmall bklyn-fancy-list-item-has-icon bklyn-fancy-list-item-has-icon-center\"><i class=\"fa fa-handshake-o\"><\/i><div class=\"bklyn-fancy-list-content\"><span> Apoyo a los procedimientos fiscales necesarios para el inicio de la actividad.<\/span><\/div><\/a><\/li><li class=\"bklyn-list-item-space-xsmall bklyn-fancy-list-item-has-icon bklyn-fancy-list-item-has-icon-center\"><i class=\"fa fa-handshake-o\"><\/i><div class=\"bklyn-fancy-list-content\"><span>Capitalizaci\u00f3n del paro.<\/span><\/div><\/a><\/li><\/ul><\/div><\/div>[\/vc_column][\/vc_row][\/vc_section][vc_section css=\u00bb.vc_custom_1695485272687{padding-top: 60px !important;padding-bottom: 22px !important;background-color: rgb(249, 130, 127) !important;}\u00bb][vc_row][vc_column][vc_column_text]<\/p>\n<h1 style=\"text-align: center; color: white; font-weight: 600;\">Servicios de asesoramiento y gesti\u00f3n laboral<\/h1>\n<p>[\/vc_column_text][\/vc_column][\/vc_row][\/vc_section][vc_section][vc_row][vc_column width=\u00bb1\/2&#8243;]<div class=\"wpb_content_element \"><style type=\"text\/css\">#ut_header_69f1de11e3627 h2.section-title, #ut_header_69f1de11e3627 h2.section-title span { color:rgb(249, 130, 127); }#ut_header_69f1de11e3627 h2.section-title { font-size:45px !important;line-height:72px !important;letter-spacing:-0.05em; }#ut_header_69f1de11e3627.pt-style-2 .page-title span:after, #ut_header_69f1de11e3627.pt-style-2 .parallax-title span:after, #ut_header_69f1de11e3627.pt-style-2 .section-title span:after { background-color:rgb(249, 130, 127) !important;}<\/style><header id=\"ut_header_69f1de11e3627\" class=\"section-header  ut-no-title-linebreak-mobile ut-no-lead-linebreak-mobile pt-style-2 header-left header-tablet-left header-mobile-center element-with-custom-line-height\"><div class=\"element-with-custom-line-height\" ><h2 data-title=\"Servicios para Empresas\"  data-responsive-font=\"section_title\" data-responsive-font-settings=\"{&quot;base-font-size&quot;:&quot;45&quot;,&quot;font-size-unit&quot;:&quot;px&quot;,&quot;font-size&quot;:{&quot;desktop_large&quot;:&quot;45&quot;},&quot;base-line-height&quot;:&quot;global&quot;,&quot;line-height&quot;:{&quot;desktop_large&quot;:&quot;72&quot;},&quot;base-letter-spacing&quot;:&quot;global&quot;,&quot;letter-spacing&quot;:{&quot;desktop_large&quot;:&quot;-0.05&quot;}}\" class=\"section-title  \"><span>Servicios para Empresas<\/span><\/h2><\/div><\/header><\/div><div class=\"wpb_content_element \"><style class=\"bklyn-inline-styles\" type=\"text\/css\">#ut_fl_69f1de11e6f12172891955.bklyn-fancy-list { font-size: 16px !important; }#ut_fl_69f1de11e6f12172891955.bklyn-fancy-list { line-height: 28px !important; }#ut_fl_69f1de11e6f12172891955 .fa { color: #f9827f; }#ut_fl_69f1de11e6f12172891955 a .fa { color: #f9827f; }#ut_fl_69f1de11e6f12172891955 a:visited .fa { color: #f9827f; }<\/style><div id=\"ut_fl_69f1de11e6f12172891955\" class=\"bklyn-fancy-list  bklyn-fancy-list-left bklyn-fancy-list-tablet-left bklyn-fancy-list-mobile-center\"><ul class=\"bklyn-list bklyn-list-style-none\" data-appear-top-offset=\"almost\"><li class=\"bklyn-list-item-space-xsmall bklyn-fancy-list-item-has-icon bklyn-fancy-list-item-has-icon-center\"><i class=\"fa fa-handshake-o\"><\/i><div class=\"bklyn-fancy-list-content\"><span> Asesoramiento laboral a empresas.<\/span><\/div><\/a><\/li><li class=\"bklyn-list-item-space-xsmall bklyn-fancy-list-item-has-icon bklyn-fancy-list-item-has-icon-center\"><i class=\"fa fa-handshake-o\"><\/i><div class=\"bklyn-fancy-list-content\"><span> Confecci\u00f3n de n\u00f3minas.<\/span><\/div><\/a><\/li><li class=\"bklyn-list-item-space-xsmall bklyn-fancy-list-item-has-icon bklyn-fancy-list-item-has-icon-center\"><i class=\"fa fa-handshake-o\"><\/i><div class=\"bklyn-fancy-list-content\"><span>Confecci\u00f3n de documentos de cotizaci\u00f3n y remisi\u00f3n por v\u00eda telem\u00e1tica.<\/span><\/div><\/a><\/li><li class=\"bklyn-list-item-space-xsmall bklyn-fancy-list-item-has-icon bklyn-fancy-list-item-has-icon-center\"><i class=\"fa fa-handshake-o\"><\/i><div class=\"bklyn-fancy-list-content\"><span> Confecci\u00f3n y legalizaci\u00f3n de contratos de trabajo, pr\u00f3rrogas y variaciones de jornada.<\/span><\/div><\/a><\/li><li class=\"bklyn-list-item-space-xsmall bklyn-fancy-list-item-has-icon bklyn-fancy-list-item-has-icon-center\"><i class=\"fa fa-handshake-o\"><\/i><div class=\"bklyn-fancy-list-content\"><span> Confecci\u00f3n de declaraciones de retenciones de los trabajadores.<\/span><\/div><\/a><\/li><li class=\"bklyn-list-item-space-xsmall bklyn-fancy-list-item-has-icon bklyn-fancy-list-item-has-icon-center\"><i class=\"fa fa-handshake-o\"><\/i><div class=\"bklyn-fancy-list-content\"><span> R\u00e9gimen Especiales de la Seguridad Social (aut\u00f3nomos).<\/span><\/div><\/a><\/li><li class=\"bklyn-list-item-space-xsmall bklyn-fancy-list-item-has-icon bklyn-fancy-list-item-has-icon-center\"><i class=\"fa fa-handshake-o\"><\/i><div class=\"bklyn-fancy-list-content\"><span>Asistencia a actos de Conciliaci\u00f3n frente al SCI-CMAC.<\/span><\/div><\/a><\/li><\/ul><\/div><\/div>[\/vc_column][vc_column width=\u00bb1\/2&#8243;]<div class=\"wpb_content_element \"><style type=\"text\/css\">#ut_header_69f1de11e7e91 h2.section-title, #ut_header_69f1de11e7e91 h2.section-title span { color:rgb(249, 130, 127); }#ut_header_69f1de11e7e91 h2.section-title { font-size:45px !important;line-height:72px !important;letter-spacing:-0.05em; }#ut_header_69f1de11e7e91.pt-style-2 .page-title span:after, #ut_header_69f1de11e7e91.pt-style-2 .parallax-title span:after, #ut_header_69f1de11e7e91.pt-style-2 .section-title span:after { background-color:rgb(249, 130, 127) !important;}<\/style><header id=\"ut_header_69f1de11e7e91\" class=\"section-header  ut-no-title-linebreak-mobile ut-no-lead-linebreak-mobile pt-style-2 header-left header-tablet-left header-mobile-center element-with-custom-line-height\"><div class=\"element-with-custom-line-height\" ><h2 data-title=\"Servicios por aut\u00f3nomos y profesionales\"  data-responsive-font=\"section_title\" data-responsive-font-settings=\"{&quot;base-font-size&quot;:&quot;45&quot;,&quot;font-size-unit&quot;:&quot;px&quot;,&quot;font-size&quot;:{&quot;desktop_large&quot;:&quot;45&quot;},&quot;base-line-height&quot;:&quot;global&quot;,&quot;line-height&quot;:{&quot;desktop_large&quot;:&quot;72&quot;},&quot;base-letter-spacing&quot;:&quot;global&quot;,&quot;letter-spacing&quot;:{&quot;desktop_large&quot;:&quot;-0.05&quot;}}\" class=\"section-title  \"><span>Servicios por aut\u00f3nomos y profesionales<\/span><\/h2><\/div><\/header><\/div><div class=\"wpb_content_element \"><style class=\"bklyn-inline-styles\" type=\"text\/css\">#ut_fl_69f1de11eb746009585668.bklyn-fancy-list { font-size: 16px !important; }#ut_fl_69f1de11eb746009585668.bklyn-fancy-list { line-height: 28px !important; }#ut_fl_69f1de11eb746009585668 .fa { color: #f9827f; }#ut_fl_69f1de11eb746009585668 a .fa { color: #f9827f; }#ut_fl_69f1de11eb746009585668 a:visited .fa { color: #f9827f; }<\/style><div id=\"ut_fl_69f1de11eb746009585668\" class=\"bklyn-fancy-list  bklyn-fancy-list-left bklyn-fancy-list-tablet-left bklyn-fancy-list-mobile-center\"><ul class=\"bklyn-list bklyn-list-style-none\" data-appear-top-offset=\"almost\"><li class=\"bklyn-list-item-space-xsmall bklyn-fancy-list-item-has-icon bklyn-fancy-list-item-has-icon-center\"><i class=\"fa fa-handshake-o\"><\/i><div class=\"bklyn-fancy-list-content\"><span>Asesoramiento laboral.<\/span><\/div><\/a><\/li><li class=\"bklyn-list-item-space-xsmall bklyn-fancy-list-item-has-icon bklyn-fancy-list-item-has-icon-center\"><i class=\"fa fa-handshake-o\"><\/i><div class=\"bklyn-fancy-list-content\"><span> Confecci\u00f3n de n\u00f3minas.<\/span><\/div><\/a><\/li><li class=\"bklyn-list-item-space-xsmall bklyn-fancy-list-item-has-icon bklyn-fancy-list-item-has-icon-center\"><i class=\"fa fa-handshake-o\"><\/i><div class=\"bklyn-fancy-list-content\"><span> Confecci\u00f3n de documentos de cotizaci\u00f3n y remisi\u00f3n por v\u00eda telem\u00e1tica.<\/span><\/div><\/a><\/li><li class=\"bklyn-list-item-space-xsmall bklyn-fancy-list-item-has-icon bklyn-fancy-list-item-has-icon-center\"><i class=\"fa fa-handshake-o\"><\/i><div class=\"bklyn-fancy-list-content\"><span> Confecci\u00f3n y legalizaci\u00f3n de contratos de trabajo, pr\u00f3rrogas y variaciones de jornada.<\/span><\/div><\/a><\/li><li class=\"bklyn-list-item-space-xsmall bklyn-fancy-list-item-has-icon bklyn-fancy-list-item-has-icon-center\"><i class=\"fa fa-handshake-o\"><\/i><div class=\"bklyn-fancy-list-content\"><span> Confecci\u00f3n de declaraciones de retenciones de los trabajadores.<\/span><\/div><\/a><\/li><li class=\"bklyn-list-item-space-xsmall bklyn-fancy-list-item-has-icon bklyn-fancy-list-item-has-icon-center\"><i class=\"fa fa-handshake-o\"><\/i><div class=\"bklyn-fancy-list-content\"><span> R\u00e9gimen Especiales de la Seguridad Social (aut\u00f3nomos).<\/span><\/div><\/a><\/li><li class=\"bklyn-list-item-space-xsmall bklyn-fancy-list-item-has-icon bklyn-fancy-list-item-has-icon-center\"><i class=\"fa fa-handshake-o\"><\/i><div class=\"bklyn-fancy-list-content\"><span>Asistencia a actos de Conciliaci\u00f3n frente al SCI-CMAC.<\/span><\/div><\/a><\/li><\/ul><\/div><\/div>[\/vc_column][\/vc_row][\/vc_section][vc_section][vc_row][vc_column width=\u00bb1\/2&#8243;]<div class=\"wpb_content_element \"><style type=\"text\/css\">#ut_header_69f1de11ec66b h2.section-title, #ut_header_69f1de11ec66b h2.section-title span { color:rgb(249, 130, 127); }#ut_header_69f1de11ec66b h2.section-title { font-size:45px !important;line-height:72px !important;letter-spacing:-0.05em; }#ut_header_69f1de11ec66b.pt-style-2 .page-title span:after, #ut_header_69f1de11ec66b.pt-style-2 .parallax-title span:after, #ut_header_69f1de11ec66b.pt-style-2 .section-title span:after { background-color:rgb(249, 130, 127) !important;}<\/style><header id=\"ut_header_69f1de11ec66b\" class=\"section-header  ut-no-title-linebreak-mobile ut-no-lead-linebreak-mobile pt-style-2 header-left header-tablet-left header-mobile-center element-with-custom-line-height\"><div class=\"element-with-custom-line-height\" ><h2 data-title=\"Servicios para particulares\"  data-responsive-font=\"section_title\" data-responsive-font-settings=\"{&quot;base-font-size&quot;:&quot;45&quot;,&quot;font-size-unit&quot;:&quot;px&quot;,&quot;font-size&quot;:{&quot;desktop_large&quot;:&quot;45&quot;},&quot;base-line-height&quot;:&quot;global&quot;,&quot;line-height&quot;:{&quot;desktop_large&quot;:&quot;72&quot;},&quot;base-letter-spacing&quot;:&quot;global&quot;,&quot;letter-spacing&quot;:{&quot;desktop_large&quot;:&quot;-0.05&quot;}}\" class=\"section-title  \"><span>Servicios para particulares<\/span><\/h2><\/div><\/header><\/div><div class=\"wpb_content_element \"><style class=\"bklyn-inline-styles\" type=\"text\/css\">#ut_fl_69f1de11effac487289355.bklyn-fancy-list { font-size: 16px !important; }#ut_fl_69f1de11effac487289355.bklyn-fancy-list { line-height: 28px !important; }#ut_fl_69f1de11effac487289355 .fa { color: #f9827f; }#ut_fl_69f1de11effac487289355 a .fa { color: #f9827f; }#ut_fl_69f1de11effac487289355 a:visited .fa { color: #f9827f; }<\/style><div id=\"ut_fl_69f1de11effac487289355\" class=\"bklyn-fancy-list  bklyn-fancy-list-left bklyn-fancy-list-tablet-left bklyn-fancy-list-mobile-center\"><ul class=\"bklyn-list bklyn-list-style-none\" data-appear-top-offset=\"almost\"><li class=\"bklyn-list-item-space-xsmall bklyn-fancy-list-item-has-icon bklyn-fancy-list-item-has-icon-center\"><i class=\"fa fa-handshake-o\"><\/i><div class=\"bklyn-fancy-list-content\"><span>Asesoramiento laboral a particulares.<\/span><\/div><\/a><\/li><li class=\"bklyn-list-item-space-xsmall bklyn-fancy-list-item-has-icon bklyn-fancy-list-item-has-icon-center\"><i class=\"fa fa-handshake-o\"><\/i><div class=\"bklyn-fancy-list-content\"><span>Estudio, c\u00e1lculo y tramitaci\u00f3n de prestaciones por incapacidad temporal, invalidez, jubilaci\u00f3n, viudedades, maternidades y paternidades, y dem\u00e1s prestaciones del sistema de la seguridad social.<\/span><\/div><\/a><\/li><li class=\"bklyn-list-item-space-xsmall bklyn-fancy-list-item-has-icon bklyn-fancy-list-item-has-icon-center\"><i class=\"fa fa-handshake-o\"><\/i><div class=\"bklyn-fancy-list-content\"><span> Reg\u00edmenes especiales de la Seguridad Social (servicio dom\u00e9stico).<\/span><\/div><\/a><\/li><\/ul><\/div><\/div>[\/vc_column][vc_column width=\u00bb1\/2&#8243;]<div class=\"wpb_content_element \"><style type=\"text\/css\">#ut_header_69f1de11f0dcc h2.section-title, #ut_header_69f1de11f0dcc h2.section-title span { color:rgb(249, 130, 127); }#ut_header_69f1de11f0dcc h2.section-title { font-size:45px !important;line-height:72px !important;letter-spacing:-0.05em; }#ut_header_69f1de11f0dcc.pt-style-2 .page-title span:after, #ut_header_69f1de11f0dcc.pt-style-2 .parallax-title span:after, #ut_header_69f1de11f0dcc.pt-style-2 .section-title span:after { background-color:rgb(249, 130, 127) !important;}<\/style><header id=\"ut_header_69f1de11f0dcc\" class=\"section-header  ut-no-title-linebreak-mobile ut-no-lead-linebreak-mobile pt-style-2 header-left header-tablet-left header-mobile-center element-with-custom-line-height\"><div class=\"element-with-custom-line-height\" ><h2 data-title=\"Gesti\u00f3n administrativa\"  data-responsive-font=\"section_title\" data-responsive-font-settings=\"{&quot;base-font-size&quot;:&quot;45&quot;,&quot;font-size-unit&quot;:&quot;px&quot;,&quot;font-size&quot;:{&quot;desktop_large&quot;:&quot;45&quot;},&quot;base-line-height&quot;:&quot;global&quot;,&quot;line-height&quot;:{&quot;desktop_large&quot;:&quot;72&quot;},&quot;base-letter-spacing&quot;:&quot;global&quot;,&quot;letter-spacing&quot;:{&quot;desktop_large&quot;:&quot;-0.05&quot;}}\" class=\"section-title  \"><span>Gesti\u00f3n administrativa<\/span><\/h2><\/div><\/header><\/div><div class=\"wpb_content_element \"><style class=\"bklyn-inline-styles\" type=\"text\/css\">#ut_fl_69f1de11f3a71523693432.bklyn-fancy-list { font-size: 16px !important; }#ut_fl_69f1de11f3a71523693432.bklyn-fancy-list { line-height: 28px !important; }#ut_fl_69f1de11f3a71523693432 .fa { color: #f9827f; }#ut_fl_69f1de11f3a71523693432 a .fa { color: #f9827f; }#ut_fl_69f1de11f3a71523693432 a:visited .fa { color: #f9827f; }<\/style><div id=\"ut_fl_69f1de11f3a71523693432\" class=\"bklyn-fancy-list  bklyn-fancy-list-left bklyn-fancy-list-tablet-left bklyn-fancy-list-mobile-center\"><ul class=\"bklyn-list bklyn-list-style-none\" data-appear-top-offset=\"almost\"><li class=\"bklyn-list-item-space-xsmall bklyn-fancy-list-item-has-icon bklyn-fancy-list-item-has-icon-center\"><i class=\"fa fa-handshake-o\"><\/i><div class=\"bklyn-fancy-list-content\"><span> Legalizaci\u00f3n y renovaci\u00f3n de permisos de trabajo y residencia.<\/span><\/div><\/a><\/li><li class=\"bklyn-list-item-space-xsmall bklyn-fancy-list-item-has-icon bklyn-fancy-list-item-has-icon-center\"><i class=\"fa fa-handshake-o\"><\/i><div class=\"bklyn-fancy-list-content\"><span> Tramitaci\u00f3n de aceptaciones de herencia con los correspondientes tr\u00e1mites de impuesto de sucesiones y seguros de vida, plusval\u00edas, registro de la propiedad...<\/span><\/div><\/a><\/li><li class=\"bklyn-list-item-space-xsmall bklyn-fancy-list-item-has-icon bklyn-fancy-list-item-has-icon-center\"><i class=\"fa fa-handshake-o\"><\/i><div class=\"bklyn-fancy-list-content\"><span>Certificaciones digitales.<\/span><\/div><\/a><\/li><li class=\"bklyn-list-item-space-xsmall bklyn-fancy-list-item-has-icon bklyn-fancy-list-item-has-icon-center\"><i class=\"fa fa-handshake-o\"><\/i><div class=\"bklyn-fancy-list-content\"><span>Renovaciones de permisos armas tipos E y D.<\/span><\/div><\/a><\/li><li class=\"bklyn-list-item-space-xsmall bklyn-fancy-list-item-has-icon bklyn-fancy-list-item-has-icon-center\"><i class=\"fa fa-handshake-o\"><\/i><div class=\"bklyn-fancy-list-content\"><span>Asesoramiento y tramitaci\u00f3n de todo tipo de actuaciones frente a las Administraciones P\u00fablicas.<\/span><\/div><\/a><\/li><\/ul><\/div><\/div>[\/vc_column][\/vc_row][\/vc_section][vc_section][vc_row][vc_column width=\u00bb1\/2&#8243;]<div class=\"wpb_content_element \"><style type=\"text\/css\">#ut_header_69f1de1200407 h2.section-title, #ut_header_69f1de1200407 h2.section-title span { color:rgb(249, 130, 127); }#ut_header_69f1de1200407 h2.section-title { font-size:45px !important;line-height:72px !important;letter-spacing:-0.05em; }#ut_header_69f1de1200407.pt-style-2 .page-title span:after, #ut_header_69f1de1200407.pt-style-2 .parallax-title span:after, #ut_header_69f1de1200407.pt-style-2 .section-title span:after { background-color:rgb(249, 130, 127) !important;}<\/style><header id=\"ut_header_69f1de1200407\" class=\"section-header  ut-no-title-linebreak-mobile ut-no-lead-linebreak-mobile pt-style-2 header-left header-tablet-left header-mobile-center element-with-custom-line-height\"><div class=\"element-with-custom-line-height\" ><h2 data-title=\"Tr\u00e1nsito\"  data-responsive-font=\"section_title\" data-responsive-font-settings=\"{&quot;base-font-size&quot;:&quot;45&quot;,&quot;font-size-unit&quot;:&quot;px&quot;,&quot;font-size&quot;:{&quot;desktop_large&quot;:&quot;45&quot;},&quot;base-line-height&quot;:&quot;global&quot;,&quot;line-height&quot;:{&quot;desktop_large&quot;:&quot;72&quot;},&quot;base-letter-spacing&quot;:&quot;global&quot;,&quot;letter-spacing&quot;:{&quot;desktop_large&quot;:&quot;-0.05&quot;}}\" class=\"section-title  \"><span>Tr\u00e1nsito<\/span><\/h2><\/div><\/header><\/div><div class=\"wpb_content_element \"><style class=\"bklyn-inline-styles\" type=\"text\/css\">#ut_fl_69f1de12030e9784489555.bklyn-fancy-list { font-size: 16px !important; }#ut_fl_69f1de12030e9784489555.bklyn-fancy-list { line-height: 28px !important; }#ut_fl_69f1de12030e9784489555 .fa { color: #f9827f; }#ut_fl_69f1de12030e9784489555 a .fa { color: #f9827f; }#ut_fl_69f1de12030e9784489555 a:visited .fa { color: #f9827f; }<\/style><div id=\"ut_fl_69f1de12030e9784489555\" class=\"bklyn-fancy-list  bklyn-fancy-list-left bklyn-fancy-list-tablet-left bklyn-fancy-list-mobile-center\"><ul class=\"bklyn-list bklyn-list-style-none\" data-appear-top-offset=\"almost\"><li class=\"bklyn-list-item-space-xsmall bklyn-fancy-list-item-has-icon bklyn-fancy-list-item-has-icon-center\"><i class=\"fa fa-handshake-o\"><\/i><div class=\"bklyn-fancy-list-content\"><span> Asesoramiento y gestiones de Transit y transportes.<\/span><\/div><\/a><\/li><li class=\"bklyn-list-item-space-xsmall bklyn-fancy-list-item-has-icon bklyn-fancy-list-item-has-icon-center\"><i class=\"fa fa-handshake-o\"><\/i><div class=\"bklyn-fancy-list-content\"><span> Transferencias y bajas de veh\u00edculos.<\/span><\/div><\/a><\/li><li class=\"bklyn-list-item-space-xsmall bklyn-fancy-list-item-has-icon bklyn-fancy-list-item-has-icon-center\"><i class=\"fa fa-handshake-o\"><\/i><div class=\"bklyn-fancy-list-content\"><span>Renovaci\u00f3n y nuevas altas de autorizaciones de transporte p\u00fablico y privado.<\/span><\/div><\/a><\/li><li class=\"bklyn-list-item-space-xsmall bklyn-fancy-list-item-has-icon bklyn-fancy-list-item-has-icon-center\"><i class=\"fa fa-handshake-o\"><\/i><div class=\"bklyn-fancy-list-content\"><span>Duplicados de permisos de conducci\u00f3n.<\/span><\/div><\/a><\/li><li class=\"bklyn-list-item-space-xsmall bklyn-fancy-list-item-has-icon bklyn-fancy-list-item-has-icon-center\"><i class=\"fa fa-handshake-o\"><\/i><div class=\"bklyn-fancy-list-content\"><span>Obtenci\u00f3n de permisos internacionales de conducci\u00f3n.<\/span><\/div><\/a><\/li><li class=\"bklyn-list-item-space-xsmall bklyn-fancy-list-item-has-icon bklyn-fancy-list-item-has-icon-center\"><i class=\"fa fa-handshake-o\"><\/i><div class=\"bklyn-fancy-list-content\"><span>Obtenci\u00f3n de duplicados de permisos de circulaci\u00f3n.<\/span><\/div><\/a><\/li><li class=\"bklyn-list-item-space-xsmall bklyn-fancy-list-item-has-icon bklyn-fancy-list-item-has-icon-center\"><i class=\"fa fa-handshake-o\"><\/i><div class=\"bklyn-fancy-list-content\"><span> Tramitaci\u00f3n de cambios de domicilio.<\/span><\/div><\/a><\/li><li class=\"bklyn-list-item-space-xsmall bklyn-fancy-list-item-has-icon bklyn-fancy-list-item-has-icon-center\"><i class=\"fa fa-handshake-o\"><\/i><div class=\"bklyn-fancy-list-content\"><span>Gesti\u00f3n de recursos sobre sanciones.<\/span><\/div><\/a><\/li><li class=\"bklyn-list-item-space-xsmall bklyn-fancy-list-item-has-icon bklyn-fancy-list-item-has-icon-center\"><i class=\"fa fa-handshake-o\"><\/i><div class=\"bklyn-fancy-list-content\"><span>Obtenci\u00f3n de informes de veh\u00edculos.<\/span><\/div><\/a><\/li><\/ul><\/div><\/div>[\/vc_column][vc_column width=\u00bb1\/2&#8243;]<div class=\"wpb_content_element \"><style type=\"text\/css\">#ut_header_69f1de1203cf4 h2.section-title, #ut_header_69f1de1203cf4 h2.section-title span { color:rgb(249, 130, 127); }#ut_header_69f1de1203cf4 h2.section-title { font-size:45px !important;line-height:72px !important;letter-spacing:-0.05em; }#ut_header_69f1de1203cf4.pt-style-2 .page-title span:after, #ut_header_69f1de1203cf4.pt-style-2 .parallax-title span:after, #ut_header_69f1de1203cf4.pt-style-2 .section-title span:after { background-color:rgb(249, 130, 127) !important;}<\/style><header id=\"ut_header_69f1de1203cf4\" class=\"section-header  ut-no-title-linebreak-mobile ut-no-lead-linebreak-mobile pt-style-2 header-left header-tablet-left header-mobile-center element-with-custom-line-height\"><div class=\"element-with-custom-line-height\" ><h2 data-title=\"Seguros\"  data-responsive-font=\"section_title\" data-responsive-font-settings=\"{&quot;base-font-size&quot;:&quot;45&quot;,&quot;font-size-unit&quot;:&quot;px&quot;,&quot;font-size&quot;:{&quot;desktop_large&quot;:&quot;45&quot;},&quot;base-line-height&quot;:&quot;global&quot;,&quot;line-height&quot;:{&quot;desktop_large&quot;:&quot;72&quot;},&quot;base-letter-spacing&quot;:&quot;global&quot;,&quot;letter-spacing&quot;:{&quot;desktop_large&quot;:&quot;-0.05&quot;}}\" class=\"section-title  \"><span>Seguros<\/span><\/h2><\/div><\/header><\/div><div class=\"wpb_content_element \"><style class=\"bklyn-inline-styles\" type=\"text\/css\">#ut_fl_69f1de1206980781547059.bklyn-fancy-list { font-size: 16px !important; }#ut_fl_69f1de1206980781547059.bklyn-fancy-list { line-height: 28px !important; }#ut_fl_69f1de1206980781547059 .fa { color: #f9827f; }#ut_fl_69f1de1206980781547059 a .fa { color: #f9827f; }#ut_fl_69f1de1206980781547059 a:visited .fa { color: #f9827f; }<\/style><div id=\"ut_fl_69f1de1206980781547059\" class=\"bklyn-fancy-list  bklyn-fancy-list-left bklyn-fancy-list-tablet-left bklyn-fancy-list-mobile-center\"><ul class=\"bklyn-list bklyn-list-style-none\" data-appear-top-offset=\"almost\"><li class=\"bklyn-list-item-space-xsmall bklyn-fancy-list-item-has-icon bklyn-fancy-list-item-has-icon-center\"><i class=\"fa fa-handshake-o\"><\/i><div class=\"bklyn-fancy-list-content\"><span>Seguros generales para particulares y empresas.<\/span><\/div><\/a><\/li><li class=\"bklyn-list-item-space-xsmall bklyn-fancy-list-item-has-icon bklyn-fancy-list-item-has-icon-center\"><i class=\"fa fa-handshake-o\"><\/i><div class=\"bklyn-fancy-list-content\"><span> Ahorro y pensiones.<\/span><\/div><\/a><\/li><\/ul><\/div><\/div><div  class=\"wpb_content_element   clearfix\"><style type=\"text\/css\">#ut_am_69f1de1207ee0 { opacity: 1; }#ut_am_wrap_69f1de1207ee4 .ut-image-gallery-item-caption-title h3 { letter-spacing: 0em; }#ut_am_wrap_69f1de1207ee4 .ut-gallery-slider-caption { font-weight: bold; }#ut_am_wrap_69f1de1207ee4 { text-align: left; }@media (min-width: 768px) and (max-width: 1024px) { #ut_am_wrap_69f1de1207ee4 { text-align: left !important; } }@media (max-width: 767px) { #ut_am_wrap_69f1de1207ee4 { text-align: center !important; } }<\/style><div id=\"ut_am_wrap_69f1de1207ee4\" class=\"ut-image-gallery-image \"><div id=\"ut_reveal_69f1de1207ee7\"  data-appear-top-offset=\"auto\" class=\"ut-animated-image-item ut-image-gallery-item ut-animation-done \"><a class=\"ut-deactivated-link\" href=\"#\"><div class=\"ut-animated-image-zoom\"><img loading=\"lazy\" decoding=\"async\" class=\"ut-lazy skip-lazy ut-animated-image \"  id=\"ut_am_69f1de1207ee0\" src=\"data:image\/svg+xml;charset=utf-8,%3Csvg xmlns%3D'http%3A%2F%2Fwww.w3.org%2F2000%2Fsvg' viewBox%3D'0 0 202 50'%2F%3E\" data-src=\"https:\/\/www.asfeliu.es\/wp-content\/uploads\/2023\/09\/allianz-logo.svg\" width=\"202\" height=\"50\" alt=\"\"\/><\/div><\/a><\/div><\/div><\/div>[\/vc_column][\/vc_row][\/vc_section][vc_section][vc_row][vc_column][vc_empty_space height=\u00bb50px\u00bb][\/vc_column][\/vc_row][\/vc_section]<\/p>\n<\/div>","protected":false},"excerpt":{"rendered":"<p>[vc_section css=\u00bb.vc_custom_1695485272687{padding-top: 60px !important;padding-bottom: 22px !important;background-color: rgb(249, 130, 127) !important;}\u00bb][vc_row][vc_column][vc_column_text] Servicios de asesoramiento y gesti\u00f3n fiscal-contable [\/vc_column_text][\/vc_column][\/vc_row][\/vc_section][vc_section][vc_row][vc_column width=\u00bb1\/2&#8243;][\/vc_column][vc_column width=\u00bb1\/2&#8243;][\/vc_column][\/vc_row][\/vc_section][vc_section][vc_row][vc_column width=\u00bb1\/2&#8243;][\/vc_column][vc_column width=\u00bb1\/2&#8243;][\/vc_column][\/vc_row][\/vc_section][vc_section css=\u00bb.vc_custom_1695485272687{padding-top: 60px !important;padding-bottom: 22px !important;background-color: rgb(249, 130, 127) !important;}\u00bb][vc_row][vc_column][vc_column_text] Servicios de asesoramiento y gesti\u00f3n laboral [\/vc_column_text][\/vc_column][\/vc_row][\/vc_section][vc_section][vc_row][vc_column width=\u00bb1\/2&#8243;][\/vc_column][vc_column width=\u00bb1\/2&#8243;][\/vc_column][\/vc_row][\/vc_section][vc_section][vc_row][vc_column width=\u00bb1\/2&#8243;][\/vc_column][vc_column width=\u00bb1\/2&#8243;][\/vc_column][\/vc_row][\/vc_section][vc_section][vc_row][vc_column width=\u00bb1\/2&#8243;][\/vc_column][vc_column width=\u00bb1\/2&#8243;][\/vc_column][\/vc_row][\/vc_section][vc_section][vc_row][vc_column][vc_empty_space height=\u00bb50px\u00bb][\/vc_column][\/vc_row][\/vc_section]<\/p>\n","protected":false},"author":1,"featured_media":0,"parent":0,"menu_order":0,"comment_status":"closed","ping_status":"closed","template":"","meta":{"footnotes":""},"class_list":["post-8342","page","type-page","status-publish","hentry"],"yoast_head":"<!-- This site is optimized with the Yoast SEO plugin v27.5 - https:\/\/yoast.com\/product\/yoast-seo-wordpress\/ -->\n<title>Servicios - Assessoria Sant Feliu<\/title>\n<meta name=\"robots\" content=\"index, follow, max-snippet:-1, max-image-preview:large, max-video-preview:-1\" \/>\n<link rel=\"canonical\" href=\"https:\/\/www.asfeliu.es\/es\/servicios\/\" \/>\n<meta property=\"og:locale\" content=\"es_ES\" \/>\n<meta property=\"og:type\" content=\"article\" \/>\n<meta property=\"og:title\" content=\"Servicios - Assessoria Sant Feliu\" \/>\n<meta property=\"og:description\" content=\"[vc_section css=\u00bb.vc_custom_1695485272687{padding-top: 60px !important;padding-bottom: 22px !important;background-color: rgb(249, 130, 127) !important;}\u00bb][vc_row][vc_column][vc_column_text] Servicios de asesoramiento y gesti\u00f3n fiscal-contable [\/vc_column_text][\/vc_column][\/vc_row][\/vc_section][vc_section][vc_row][vc_column width=\u00bb1\/2&#8243;][\/vc_column][vc_column width=\u00bb1\/2&#8243;][\/vc_column][\/vc_row][\/vc_section][vc_section][vc_row][vc_column width=\u00bb1\/2&#8243;][\/vc_column][vc_column width=\u00bb1\/2&#8243;][\/vc_column][\/vc_row][\/vc_section][vc_section css=\u00bb.vc_custom_1695485272687{padding-top: 60px !important;padding-bottom: 22px !important;background-color: rgb(249, 130, 127) !important;}\u00bb][vc_row][vc_column][vc_column_text] Servicios de asesoramiento y gesti\u00f3n laboral [\/vc_column_text][\/vc_column][\/vc_row][\/vc_section][vc_section][vc_row][vc_column width=\u00bb1\/2&#8243;][\/vc_column][vc_column width=\u00bb1\/2&#8243;][\/vc_column][\/vc_row][\/vc_section][vc_section][vc_row][vc_column width=\u00bb1\/2&#8243;][\/vc_column][vc_column width=\u00bb1\/2&#8243;][\/vc_column][\/vc_row][\/vc_section][vc_section][vc_row][vc_column width=\u00bb1\/2&#8243;][\/vc_column][vc_column width=\u00bb1\/2&#8243;][\/vc_column][\/vc_row][\/vc_section][vc_section][vc_row][vc_column][vc_empty_space height=\u00bb50px\u00bb][\/vc_column][\/vc_row][\/vc_section]\" \/>\n<meta property=\"og:url\" content=\"https:\/\/www.asfeliu.es\/es\/servicios\/\" \/>\n<meta property=\"og:site_name\" content=\"Assessoria Sant Feliu\" \/>\n<meta property=\"article:modified_time\" content=\"2023-09-26T15:24:50+00:00\" \/>\n<meta name=\"twitter:card\" content=\"summary_large_image\" \/>\n<meta name=\"twitter:label1\" content=\"Tiempo de lectura\" \/>\n\t<meta name=\"twitter:data1\" content=\"16 minutos\" \/>\n<script type=\"application\/ld+json\" class=\"yoast-schema-graph\">{\"@context\":\"https:\\\/\\\/schema.org\",\"@graph\":[{\"@type\":\"WebPage\",\"@id\":\"https:\\\/\\\/www.asfeliu.es\\\/es\\\/servicios\\\/\",\"url\":\"https:\\\/\\\/www.asfeliu.es\\\/es\\\/servicios\\\/\",\"name\":\"Servicios - Assessoria Sant Feliu\",\"isPartOf\":{\"@id\":\"https:\\\/\\\/www.asfeliu.es\\\/#website\"},\"datePublished\":\"2023-09-22T16:58:58+00:00\",\"dateModified\":\"2023-09-26T15:24:50+00:00\",\"breadcrumb\":{\"@id\":\"https:\\\/\\\/www.asfeliu.es\\\/es\\\/servicios\\\/#breadcrumb\"},\"inLanguage\":\"es\",\"potentialAction\":[{\"@type\":\"ReadAction\",\"target\":[\"https:\\\/\\\/www.asfeliu.es\\\/es\\\/servicios\\\/\"]}]},{\"@type\":\"BreadcrumbList\",\"@id\":\"https:\\\/\\\/www.asfeliu.es\\\/es\\\/servicios\\\/#breadcrumb\",\"itemListElement\":[{\"@type\":\"ListItem\",\"position\":1,\"name\":\"Inici\",\"item\":\"https:\\\/\\\/www.asfeliu.es\\\/es\\\/front-page\\\/\"},{\"@type\":\"ListItem\",\"position\":2,\"name\":\"Servicios\"}]},{\"@type\":\"WebSite\",\"@id\":\"https:\\\/\\\/www.asfeliu.es\\\/#website\",\"url\":\"https:\\\/\\\/www.asfeliu.es\\\/\",\"name\":\"Assessoria Sant Feliu\",\"description\":\"Assessoria fiscal, laboral, assegurances i tr\u00e0nsit\",\"publisher\":{\"@id\":\"https:\\\/\\\/www.asfeliu.es\\\/#organization\"},\"potentialAction\":[{\"@type\":\"SearchAction\",\"target\":{\"@type\":\"EntryPoint\",\"urlTemplate\":\"https:\\\/\\\/www.asfeliu.es\\\/?s={search_term_string}\"},\"query-input\":{\"@type\":\"PropertyValueSpecification\",\"valueRequired\":true,\"valueName\":\"search_term_string\"}}],\"inLanguage\":\"es\"},{\"@type\":\"Organization\",\"@id\":\"https:\\\/\\\/www.asfeliu.es\\\/#organization\",\"name\":\"Assessoria Sant Feliu\",\"url\":\"https:\\\/\\\/www.asfeliu.es\\\/\",\"logo\":{\"@type\":\"ImageObject\",\"inLanguage\":\"es\",\"@id\":\"https:\\\/\\\/www.asfeliu.es\\\/#\\\/schema\\\/logo\\\/image\\\/\",\"url\":\"https:\\\/\\\/www.asfeliu.es\\\/wp-content\\\/uploads\\\/2023\\\/09\\\/FAVICON-1.png\",\"contentUrl\":\"https:\\\/\\\/www.asfeliu.es\\\/wp-content\\\/uploads\\\/2023\\\/09\\\/FAVICON-1.png\",\"width\":512,\"height\":512,\"caption\":\"Assessoria Sant Feliu\"},\"image\":{\"@id\":\"https:\\\/\\\/www.asfeliu.es\\\/#\\\/schema\\\/logo\\\/image\\\/\"},\"sameAs\":[\"https:\\\/\\\/www.linkedin.com\\\/in\\\/carlesgarrigaflaquer\\\/\"]}]}<\/script>\n<!-- \/ Yoast SEO plugin. -->","yoast_head_json":{"title":"Servicios - Assessoria Sant Feliu","robots":{"index":"index","follow":"follow","max-snippet":"max-snippet:-1","max-image-preview":"max-image-preview:large","max-video-preview":"max-video-preview:-1"},"canonical":"https:\/\/www.asfeliu.es\/es\/servicios\/","og_locale":"es_ES","og_type":"article","og_title":"Servicios - Assessoria Sant Feliu","og_description":"[vc_section css=\u00bb.vc_custom_1695485272687{padding-top: 60px !important;padding-bottom: 22px !important;background-color: rgb(249, 130, 127) !important;}\u00bb][vc_row][vc_column][vc_column_text] Servicios de asesoramiento y gesti\u00f3n fiscal-contable [\/vc_column_text][\/vc_column][\/vc_row][\/vc_section][vc_section][vc_row][vc_column width=\u00bb1\/2&#8243;][\/vc_column][vc_column width=\u00bb1\/2&#8243;][\/vc_column][\/vc_row][\/vc_section][vc_section][vc_row][vc_column width=\u00bb1\/2&#8243;][\/vc_column][vc_column width=\u00bb1\/2&#8243;][\/vc_column][\/vc_row][\/vc_section][vc_section css=\u00bb.vc_custom_1695485272687{padding-top: 60px !important;padding-bottom: 22px !important;background-color: rgb(249, 130, 127) !important;}\u00bb][vc_row][vc_column][vc_column_text] Servicios de asesoramiento y gesti\u00f3n laboral [\/vc_column_text][\/vc_column][\/vc_row][\/vc_section][vc_section][vc_row][vc_column width=\u00bb1\/2&#8243;][\/vc_column][vc_column width=\u00bb1\/2&#8243;][\/vc_column][\/vc_row][\/vc_section][vc_section][vc_row][vc_column width=\u00bb1\/2&#8243;][\/vc_column][vc_column width=\u00bb1\/2&#8243;][\/vc_column][\/vc_row][\/vc_section][vc_section][vc_row][vc_column width=\u00bb1\/2&#8243;][\/vc_column][vc_column width=\u00bb1\/2&#8243;][\/vc_column][\/vc_row][\/vc_section][vc_section][vc_row][vc_column][vc_empty_space height=\u00bb50px\u00bb][\/vc_column][\/vc_row][\/vc_section]","og_url":"https:\/\/www.asfeliu.es\/es\/servicios\/","og_site_name":"Assessoria Sant Feliu","article_modified_time":"2023-09-26T15:24:50+00:00","twitter_card":"summary_large_image","twitter_misc":{"Tiempo de lectura":"16 minutos"},"schema":{"@context":"https:\/\/schema.org","@graph":[{"@type":"WebPage","@id":"https:\/\/www.asfeliu.es\/es\/servicios\/","url":"https:\/\/www.asfeliu.es\/es\/servicios\/","name":"Servicios - Assessoria Sant Feliu","isPartOf":{"@id":"https:\/\/www.asfeliu.es\/#website"},"datePublished":"2023-09-22T16:58:58+00:00","dateModified":"2023-09-26T15:24:50+00:00","breadcrumb":{"@id":"https:\/\/www.asfeliu.es\/es\/servicios\/#breadcrumb"},"inLanguage":"es","potentialAction":[{"@type":"ReadAction","target":["https:\/\/www.asfeliu.es\/es\/servicios\/"]}]},{"@type":"BreadcrumbList","@id":"https:\/\/www.asfeliu.es\/es\/servicios\/#breadcrumb","itemListElement":[{"@type":"ListItem","position":1,"name":"Inici","item":"https:\/\/www.asfeliu.es\/es\/front-page\/"},{"@type":"ListItem","position":2,"name":"Servicios"}]},{"@type":"WebSite","@id":"https:\/\/www.asfeliu.es\/#website","url":"https:\/\/www.asfeliu.es\/","name":"Assessoria Sant Feliu","description":"Assessoria fiscal, laboral, assegurances i tr\u00e0nsit","publisher":{"@id":"https:\/\/www.asfeliu.es\/#organization"},"potentialAction":[{"@type":"SearchAction","target":{"@type":"EntryPoint","urlTemplate":"https:\/\/www.asfeliu.es\/?s={search_term_string}"},"query-input":{"@type":"PropertyValueSpecification","valueRequired":true,"valueName":"search_term_string"}}],"inLanguage":"es"},{"@type":"Organization","@id":"https:\/\/www.asfeliu.es\/#organization","name":"Assessoria Sant Feliu","url":"https:\/\/www.asfeliu.es\/","logo":{"@type":"ImageObject","inLanguage":"es","@id":"https:\/\/www.asfeliu.es\/#\/schema\/logo\/image\/","url":"https:\/\/www.asfeliu.es\/wp-content\/uploads\/2023\/09\/FAVICON-1.png","contentUrl":"https:\/\/www.asfeliu.es\/wp-content\/uploads\/2023\/09\/FAVICON-1.png","width":512,"height":512,"caption":"Assessoria Sant Feliu"},"image":{"@id":"https:\/\/www.asfeliu.es\/#\/schema\/logo\/image\/"},"sameAs":["https:\/\/www.linkedin.com\/in\/carlesgarrigaflaquer\/"]}]}},"_links":{"self":[{"href":"https:\/\/www.asfeliu.es\/es\/wp-json\/wp\/v2\/pages\/8342","targetHints":{"allow":["GET"]}}],"collection":[{"href":"https:\/\/www.asfeliu.es\/es\/wp-json\/wp\/v2\/pages"}],"about":[{"href":"https:\/\/www.asfeliu.es\/es\/wp-json\/wp\/v2\/types\/page"}],"author":[{"embeddable":true,"href":"https:\/\/www.asfeliu.es\/es\/wp-json\/wp\/v2\/users\/1"}],"replies":[{"embeddable":true,"href":"https:\/\/www.asfeliu.es\/es\/wp-json\/wp\/v2\/comments?post=8342"}],"version-history":[{"count":10,"href":"https:\/\/www.asfeliu.es\/es\/wp-json\/wp\/v2\/pages\/8342\/revisions"}],"predecessor-version":[{"id":8352,"href":"https:\/\/www.asfeliu.es\/es\/wp-json\/wp\/v2\/pages\/8342\/revisions\/8352"}],"wp:attachment":[{"href":"https:\/\/www.asfeliu.es\/es\/wp-json\/wp\/v2\/media?parent=8342"}],"curies":[{"name":"wp","href":"https:\/\/api.w.org\/{rel}","templated":true}]}}