{"id":8331,"date":"2016-10-25T09:33:49","date_gmt":"2016-10-25T09:33:49","guid":{"rendered":"https:\/\/www.asfeliu.es\/front-page\/"},"modified":"2023-10-10T08:53:36","modified_gmt":"2023-10-10T08:53:36","slug":"front-page","status":"publish","type":"page","link":"https:\/\/www.asfeliu.es\/es\/","title":{"rendered":"INICIO"},"content":{"rendered":"<div class=\"wpb-content-wrapper\"><p>[vc_section el_name=\u00bbFirst Section\u00bb][vc_row effect=\u00bbnone\u00bb][vc_column]<div class=\"wpb_content_element \"><style type=\"text\/css\">#ut_header_69f1de4fe6043 h2.section-title { font-size:66px !important;line-height:72px !important;letter-spacing:-0.05em; }#ut_header_69f1de4fe6043 .lead ins { color:#333333; }#ut_header_69f1de4fe6043 .lead ins { font-weight:bold; }<\/style><header id=\"ut_header_69f1de4fe6043\" class=\"section-header  ut-no-title-linebreak-mobile ut-no-lead-linebreak-mobile pt-style-2 header-center header-tablet-center header-mobile-center element-with-custom-line-height\"><div class=\"element-with-custom-line-height\" ><h2 data-title=\"Asesores desde 1.992\"  data-responsive-font=\"section_title\" data-responsive-font-settings=\"{&quot;base-font-size&quot;:&quot;global&quot;,&quot;font-size&quot;:{&quot;desktop_large&quot;:&quot;66&quot;},&quot;base-line-height&quot;:&quot;global&quot;,&quot;line-height&quot;:{&quot;desktop_large&quot;:&quot;72&quot;},&quot;base-letter-spacing&quot;:&quot;global&quot;,&quot;letter-spacing&quot;:{&quot;desktop_large&quot;:&quot;-0.05&quot;}}\" class=\"section-title  \"><span>Asesores desde 1.992<\/span><\/h2><\/div><div data-delay=\"200\" class=\"lead \"><p>Bienvenidos a <ins>Assessoria Sant Feliu<\/ins>, somos una empresa que est\u00e1 aqu\u00ed para brindarte servicios de calidad en el \u00e1mbito fiscal, financiero y contable.<br \/>\nTanto si tienes una empresa como si eres aut\u00f3nomo, nos encargaremos de darte y asesorarte de la mejor forma.<\/p>\n<\/div><\/header><\/div>[\/vc_column][\/vc_row][vc_row effect=\u00bbnone\u00bb][vc_column width=\u00bb1\/3&#8243; effect=\u00bbnone\u00bb]<div class=\"wpb_content_element \"><div id=\"utbx_o_69f1de4febafa\" class=\"ut-service-icon-box  clearfix  ut-service-icon-box-center\"><style type=\"text\/css\">#utbx_69f1de4febaf8 { background:#000000; }#utbx_69f1de4febaf8:hover { background: rgba(249, 130, 127, 1); } #utbx_69f1de4febaf8:after { box-shadow: 0 0 0 4px rgba(249, 130, 127, 1); } #utbx_69f1de4febaf8 { color:#f9827f; }#utbx_69f1de4febaf8:hover { color: #000000; } <\/style><div class=\"ut-highlight-icon-wrap ut-highlight-icon-effect\"><a id=\"utbx_69f1de4febaf8\" data-id=\"utbx_69f1de4febaf8\" data-hovercolor=\"rgba(249, 130, 127, 1)\"   class=\"ut-highlight-icon fa fa-bar-chart\" href=\"#\" target=\"_blank\"><\/a><\/div><div class=\"ut-service-icon-box-content\"><h3>Servicios a empresas<\/h3><p><\/p><\/div><\/div><\/div>[\/vc_column][vc_column width=\u00bb1\/3&#8243; effect=\u00bbnone\u00bb]<div class=\"wpb_content_element \"><div id=\"utbx_o_69f1de4febbc9\" class=\"ut-service-icon-box  clearfix  ut-service-icon-box-center\"><style type=\"text\/css\">#utbx_69f1de4febbc8 { background:#000000; }#utbx_69f1de4febbc8:hover { background: rgba(249, 130, 127, 1); } #utbx_69f1de4febbc8:after { box-shadow: 0 0 0 4px rgba(249, 130, 127, 1); } #utbx_69f1de4febbc8 { color:#f9827f; }#utbx_69f1de4febbc8:hover { color: #000000; } <\/style><div class=\"ut-highlight-icon-wrap ut-highlight-icon-effect\"><a id=\"utbx_69f1de4febbc8\" data-id=\"utbx_69f1de4febbc8\" data-hovercolor=\"rgba(249, 130, 127, 1)\"   class=\"ut-highlight-icon fa fa-handshake-o\" href=\"#\" target=\"_blank\"><\/a><\/div><div class=\"ut-service-icon-box-content\"><h3>Servicios por aut\u00f3nomos y profesionales<\/h3><p><\/p><\/div><\/div><\/div>[\/vc_column][vc_column width=\u00bb1\/3&#8243; effect=\u00bbnone\u00bb]<div class=\"wpb_content_element \"><div id=\"utbx_o_69f1de4febc3a\" class=\"ut-service-icon-box  clearfix  ut-service-icon-box-center\"><style type=\"text\/css\">#utbx_69f1de4febc38 { background:#000000; }#utbx_69f1de4febc38:hover { background: rgba(249, 130, 127, 1); } #utbx_69f1de4febc38:after { box-shadow: 0 0 0 4px rgba(249, 130, 127, 1); } #utbx_69f1de4febc38 { color:#f9827f; }#utbx_69f1de4febc38:hover { color: #000000; } <\/style><div class=\"ut-highlight-icon-wrap ut-highlight-icon-effect\"><a id=\"utbx_69f1de4febc38\" data-id=\"utbx_69f1de4febc38\" data-hovercolor=\"rgba(249, 130, 127, 1)\"   class=\"ut-highlight-icon fa fa-user-circle-o\" href=\"#\" target=\"_blank\"><\/a><\/div><div class=\"ut-service-icon-box-content\"><h3>Servicios a particulares<\/h3><p><\/p><\/div><\/div><\/div>[\/vc_column][\/vc_row][\/vc_section][vc_section css=\u00bb.vc_custom_1695492699399{background-color: rgb(249, 130, 127) !important;}\u00bb][vc_row][vc_column]<div class=\"wpb_content_element \"><style type=\"text\/css\">#ut_header_69f1de4fec2fa h2.section-title { font-size:54px !important;line-height:72px !important;letter-spacing:-0.05em; }<\/style><header id=\"ut_header_69f1de4fec2fa\" class=\"section-header  ut-no-title-linebreak-mobile ut-no-lead-linebreak-mobile pt-style-2 header-center header-tablet-center header-mobile-center element-with-custom-line-height\"><div class=\"element-with-custom-line-height\" ><h2 data-title=\"\u00bfNecesitas los servicios de una asesor\u00eda?\"  data-responsive-font=\"section_title\" data-responsive-font-settings=\"{&quot;base-font-size&quot;:&quot;54&quot;,&quot;font-size&quot;:{&quot;desktop_large&quot;:&quot;54&quot;},&quot;base-line-height&quot;:&quot;global&quot;,&quot;line-height&quot;:{&quot;desktop_large&quot;:&quot;72&quot;},&quot;base-letter-spacing&quot;:&quot;global&quot;,&quot;letter-spacing&quot;:{&quot;desktop_large&quot;:&quot;-0.05&quot;}}\" class=\"section-title  \"><span>\u00bfNecesitas los servicios de una asesor\u00eda?<\/span><\/h2><\/div><div data-delay=\"0\" class=\"lead \"><p>Te escuchamos para poder ofrecerte una soluci\u00f3n de asesor\u00eda \u00f3ptima y personalizada.<\/p>\n<\/div><\/header><\/div>[\/vc_column][\/vc_row][vc_row][vc_column width=\u00bb1\/4&#8243;]<div class=\"wpb_content_element \"><div id=\"utbx_o_69f1de4fecd03\" class=\"ut-service-icon-box  clearfix  ut-service-icon-box-center\"><style type=\"text\/css\">#utbx_69f1de4fecd01 { background:#000000; }#utbx_69f1de4fecd01:hover { background: rgba(249, 130, 127, 1); } #utbx_69f1de4fecd01:after { box-shadow: 0 0 0 4px rgba(249, 130, 127, 1); } #utbx_o_69f1de4fecd03 h3 { color:#000000 !important; }#utbx_o_69f1de4fecd03 p { color:#000000 !important; }#utbx_69f1de4fecd01 { color:#f9827f; }#utbx_69f1de4fecd01:hover { color: #000000; } <\/style><div class=\"ut-highlight-icon-wrap ut-highlight-icon-effect\"><a id=\"utbx_69f1de4fecd01\" data-id=\"utbx_69f1de4fecd01\" data-hovercolor=\"rgba(249, 130, 127, 1)\"   class=\"ut-highlight-icon fa fa-map-marker\" href=\"#\" target=\"_blank\"><\/a><\/div><div class=\"ut-service-icon-box-content\"><h3>Visitanos<\/h3><p>Carrer Rector Tom\u00e0s Vila, 30<br \/>\n08182 Sant Feliu de Codines<\/p><\/div><\/div><\/div>[\/vc_column][vc_column width=\u00bb1\/4&#8243;]<div class=\"wpb_content_element \"><div id=\"utbx_o_69f1de4fecd68\" class=\"ut-service-icon-box  clearfix  ut-service-icon-box-center\"><style type=\"text\/css\">#utbx_69f1de4fecd67 { background:#000000; }#utbx_69f1de4fecd67:hover { background: rgba(249, 130, 127, 1); } #utbx_69f1de4fecd67:after { box-shadow: 0 0 0 4px rgba(249, 130, 127, 1); } #utbx_o_69f1de4fecd68 h3 { color:#000000 !important; }#utbx_o_69f1de4fecd68 p { color:#000000 !important; }#utbx_69f1de4fecd67 { color:#f9827f; }#utbx_69f1de4fecd67:hover { color: #000000; } <\/style><div class=\"ut-highlight-icon-wrap ut-highlight-icon-effect\"><a id=\"utbx_69f1de4fecd67\" data-id=\"utbx_69f1de4fecd67\" data-hovercolor=\"rgba(249, 130, 127, 1)\"   class=\"ut-highlight-icon fa fa-phone\" href=\"#\" target=\"_blank\"><\/a><\/div><div class=\"ut-service-icon-box-content\"><h3>Ll\u00e1manos<\/h3><p>Ponte en contacto con nosotros<br \/>\nsin compromiso el tel\u00e9fono<br \/>\n93 866 24 09<\/p><\/div><\/div><\/div>[\/vc_column][vc_column width=\u00bb1\/4&#8243;]<div class=\"wpb_content_element \"><div id=\"utbx_o_69f1de4fecdc7\" class=\"ut-service-icon-box  clearfix  ut-service-icon-box-center\"><style type=\"text\/css\">#utbx_69f1de4fecdc6 { background:#000000; }#utbx_69f1de4fecdc6:hover { background: rgba(249, 130, 127, 1); } #utbx_69f1de4fecdc6:after { box-shadow: 0 0 0 4px rgba(249, 130, 127, 1); } #utbx_o_69f1de4fecdc7 h3 { color:#000000 !important; }#utbx_o_69f1de4fecdc7 p { color:#000000 !important; }#utbx_69f1de4fecdc6 { color:#f9827f; }#utbx_69f1de4fecdc6:hover { color: #000000; } <\/style><div class=\"ut-highlight-icon-wrap ut-highlight-icon-effect\"><a id=\"utbx_69f1de4fecdc6\" data-id=\"utbx_69f1de4fecdc6\" data-hovercolor=\"rgba(249, 130, 127, 1)\"   class=\"ut-highlight-icon fa fa-whatsapp\" href=\"#\" target=\"_blank\"><\/a><\/div><div class=\"ut-service-icon-box-content\"><h3>WhatsApp<\/h3><p>Te lo ponemos f\u00e1cil, cont\u00e1ctanos<br \/>\npor WhatsApp al tel\u00e9fono<br \/>\n699313347<\/p><\/div><\/div><\/div>[\/vc_column][vc_column width=\u00bb1\/4&#8243;]<div class=\"wpb_content_element \"><div id=\"utbx_o_69f1de4fece23\" class=\"ut-service-icon-box  clearfix  ut-service-icon-box-center\"><style type=\"text\/css\">#utbx_69f1de4fece22 { background:#000000; }#utbx_69f1de4fece22:hover { background: rgba(249, 130, 127, 1); } #utbx_69f1de4fece22:after { box-shadow: 0 0 0 4px rgba(249, 130, 127, 1); } #utbx_o_69f1de4fece23 h3 { color:#000000 !important; }#utbx_o_69f1de4fece23 p { color:#000000 !important; }#utbx_69f1de4fece22 { color:#f9827f; }#utbx_69f1de4fece22:hover { color: #000000; } <\/style><div class=\"ut-highlight-icon-wrap ut-highlight-icon-effect\"><a id=\"utbx_69f1de4fece22\" data-id=\"utbx_69f1de4fece22\" data-hovercolor=\"rgba(249, 130, 127, 1)\"   class=\"ut-highlight-icon fa fa-envelope-o\" href=\"#\" target=\"_blank\"><\/a><\/div><div class=\"ut-service-icon-box-content\"><h3>Escr\u00edbenos<\/h3><p>Env\u00edanos un mail a<br \/>\nasfeliu@asfeliu.es<\/p><\/div><\/div><\/div>[\/vc_column][\/vc_row][\/vc_section][vc_section][vc_row][vc_column width=\u00bb1\/2&#8243;][vc_column_text]<\/p>\n<p style=\"font-size: 25px; color: #f9827f; text-align: center; line-height: 48px;\">Colaborador de la empresa l\u00edder a nivel europeo de seguros<\/p>\n<p>[\/vc_column_text][\/vc_column][vc_column width=\u00bb1\/2&#8243;]<div  class=\"wpb_content_element   clearfix\"><style type=\"text\/css\">#ut_am_69f1de4fed614 { opacity: 1; }#ut_am_wrap_69f1de4fed615 .ut-image-gallery-item-caption-title h3 { letter-spacing: 0em; }#ut_am_wrap_69f1de4fed615 .ut-gallery-slider-caption { font-weight: bold; }#ut_am_wrap_69f1de4fed615 { text-align: center; }@media (min-width: 768px) and (max-width: 1024px) { #ut_am_wrap_69f1de4fed615 { text-align: center !important; } }@media (max-width: 767px) { #ut_am_wrap_69f1de4fed615 { text-align: center !important; } }<\/style><div id=\"ut_am_wrap_69f1de4fed615\" class=\"ut-image-gallery-image \"><div id=\"ut_reveal_69f1de4fed617\"  data-appear-top-offset=\"auto\" class=\"ut-animated-image-item ut-image-gallery-item ut-animation-done \"><a class=\"ut-deactivated-link\" href=\"#\"><div class=\"ut-animated-image-zoom\"><img loading=\"lazy\" decoding=\"async\" class=\"ut-lazy skip-lazy ut-animated-image \"  id=\"ut_am_69f1de4fed614\" src=\"data:image\/svg+xml;charset=utf-8,%3Csvg xmlns%3D'http%3A%2F%2Fwww.w3.org%2F2000%2Fsvg' viewBox%3D'0 0 403 100'%2F%3E\" data-src=\"https:\/\/www.asfeliu.es\/wp-content\/uploads\/2023\/09\/allianz-logo.svg\" width=\"403\" height=\"100\" alt=\"\"\/><\/div><\/a><\/div><\/div><\/div>[\/vc_column][\/vc_row][\/vc_section]<\/p>\n<\/div>","protected":false},"excerpt":{"rendered":"<p>[vc_section el_name=\u00bbFirst Section\u00bb][vc_row effect=\u00bbnone\u00bb][vc_column][\/vc_column][\/vc_row][vc_row effect=\u00bbnone\u00bb][vc_column width=\u00bb1\/3&#8243; effect=\u00bbnone\u00bb][\/vc_column][vc_column width=\u00bb1\/3&#8243; effect=\u00bbnone\u00bb][\/vc_column][vc_column width=\u00bb1\/3&#8243; effect=\u00bbnone\u00bb][\/vc_column][\/vc_row][\/vc_section][vc_section css=\u00bb.vc_custom_1695492699399{background-color: rgb(249, 130, 127) !important;}\u00bb][vc_row][vc_column][\/vc_column][\/vc_row][vc_row][vc_column width=\u00bb1\/4&#8243;][\/vc_column][vc_column width=\u00bb1\/4&#8243;][\/vc_column][vc_column width=\u00bb1\/4&#8243;][\/vc_column][vc_column width=\u00bb1\/4&#8243;][\/vc_column][\/vc_row][\/vc_section][vc_section][vc_row][vc_column width=\u00bb1\/2&#8243;][vc_column_text] Colaborador de la empresa l\u00edder a nivel europeo de seguros [\/vc_column_text][\/vc_column][vc_column width=\u00bb1\/2&#8243;][\/vc_column][\/vc_row][\/vc_section]<\/p>\n","protected":false},"author":1,"featured_media":0,"parent":0,"menu_order":0,"comment_status":"closed","ping_status":"closed","template":"","meta":{"footnotes":""},"class_list":["post-8331","page","type-page","status-publish","hentry"],"yoast_head":"<!-- This site is optimized with the Yoast SEO plugin v27.5 - https:\/\/yoast.com\/product\/yoast-seo-wordpress\/ -->\n<title>INICIO - Assessoria Sant Feliu<\/title>\n<meta name=\"robots\" content=\"index, follow, max-snippet:-1, max-image-preview:large, max-video-preview:-1\" \/>\n<link rel=\"canonical\" href=\"https:\/\/www.asfeliu.es\/es\/front-page\/\" \/>\n<meta property=\"og:locale\" content=\"es_ES\" \/>\n<meta property=\"og:type\" content=\"article\" \/>\n<meta property=\"og:title\" content=\"INICIO - Assessoria Sant Feliu\" \/>\n<meta property=\"og:description\" content=\"[vc_section el_name=\u00bbFirst Section\u00bb][vc_row effect=\u00bbnone\u00bb][vc_column][\/vc_column][\/vc_row][vc_row effect=\u00bbnone\u00bb][vc_column width=\u00bb1\/3&#8243; effect=\u00bbnone\u00bb][\/vc_column][vc_column width=\u00bb1\/3&#8243; effect=\u00bbnone\u00bb][\/vc_column][vc_column width=\u00bb1\/3&#8243; effect=\u00bbnone\u00bb][\/vc_column][\/vc_row][\/vc_section][vc_section css=\u00bb.vc_custom_1695492699399{background-color: rgb(249, 130, 127) !important;}\u00bb][vc_row][vc_column][\/vc_column][\/vc_row][vc_row][vc_column width=\u00bb1\/4&#8243;][\/vc_column][vc_column width=\u00bb1\/4&#8243;][\/vc_column][vc_column width=\u00bb1\/4&#8243;][\/vc_column][vc_column width=\u00bb1\/4&#8243;][\/vc_column][\/vc_row][\/vc_section][vc_section][vc_row][vc_column width=\u00bb1\/2&#8243;][vc_column_text] Colaborador de la empresa l\u00edder a nivel europeo de seguros [\/vc_column_text][\/vc_column][vc_column width=\u00bb1\/2&#8243;][\/vc_column][\/vc_row][\/vc_section]\" \/>\n<meta property=\"og:url\" content=\"https:\/\/www.asfeliu.es\/es\/front-page\/\" \/>\n<meta property=\"og:site_name\" content=\"Assessoria Sant Feliu\" \/>\n<meta property=\"article:modified_time\" content=\"2023-10-10T08:53:36+00:00\" \/>\n<meta name=\"twitter:card\" content=\"summary_large_image\" \/>\n<meta name=\"twitter:label1\" content=\"Tiempo de lectura\" \/>\n\t<meta name=\"twitter:data1\" content=\"3 minutos\" \/>\n<script type=\"application\/ld+json\" class=\"yoast-schema-graph\">{\"@context\":\"https:\\\/\\\/schema.org\",\"@graph\":[{\"@type\":\"WebPage\",\"@id\":\"https:\\\/\\\/www.asfeliu.es\\\/es\\\/front-page\\\/\",\"url\":\"https:\\\/\\\/www.asfeliu.es\\\/es\\\/front-page\\\/\",\"name\":\"INICIO - Assessoria Sant Feliu\",\"isPartOf\":{\"@id\":\"https:\\\/\\\/www.asfeliu.es\\\/#website\"},\"datePublished\":\"2016-10-25T09:33:49+00:00\",\"dateModified\":\"2023-10-10T08:53:36+00:00\",\"breadcrumb\":{\"@id\":\"https:\\\/\\\/www.asfeliu.es\\\/es\\\/front-page\\\/#breadcrumb\"},\"inLanguage\":\"es\",\"potentialAction\":[{\"@type\":\"ReadAction\",\"target\":[\"https:\\\/\\\/www.asfeliu.es\\\/es\\\/front-page\\\/\"]}]},{\"@type\":\"BreadcrumbList\",\"@id\":\"https:\\\/\\\/www.asfeliu.es\\\/es\\\/front-page\\\/#breadcrumb\",\"itemListElement\":[{\"@type\":\"ListItem\",\"position\":1,\"name\":\"Inici\",\"item\":\"https:\\\/\\\/www.asfeliu.es\\\/es\\\/front-page\\\/\"},{\"@type\":\"ListItem\",\"position\":2,\"name\":\"INICIO\"}]},{\"@type\":\"WebSite\",\"@id\":\"https:\\\/\\\/www.asfeliu.es\\\/#website\",\"url\":\"https:\\\/\\\/www.asfeliu.es\\\/\",\"name\":\"Assessoria Sant Feliu\",\"description\":\"Assessoria fiscal, laboral, assegurances i tr\u00e0nsit\",\"publisher\":{\"@id\":\"https:\\\/\\\/www.asfeliu.es\\\/#organization\"},\"potentialAction\":[{\"@type\":\"SearchAction\",\"target\":{\"@type\":\"EntryPoint\",\"urlTemplate\":\"https:\\\/\\\/www.asfeliu.es\\\/?s={search_term_string}\"},\"query-input\":{\"@type\":\"PropertyValueSpecification\",\"valueRequired\":true,\"valueName\":\"search_term_string\"}}],\"inLanguage\":\"es\"},{\"@type\":\"Organization\",\"@id\":\"https:\\\/\\\/www.asfeliu.es\\\/#organization\",\"name\":\"Assessoria Sant Feliu\",\"url\":\"https:\\\/\\\/www.asfeliu.es\\\/\",\"logo\":{\"@type\":\"ImageObject\",\"inLanguage\":\"es\",\"@id\":\"https:\\\/\\\/www.asfeliu.es\\\/#\\\/schema\\\/logo\\\/image\\\/\",\"url\":\"https:\\\/\\\/www.asfeliu.es\\\/wp-content\\\/uploads\\\/2023\\\/09\\\/FAVICON-1.png\",\"contentUrl\":\"https:\\\/\\\/www.asfeliu.es\\\/wp-content\\\/uploads\\\/2023\\\/09\\\/FAVICON-1.png\",\"width\":512,\"height\":512,\"caption\":\"Assessoria Sant Feliu\"},\"image\":{\"@id\":\"https:\\\/\\\/www.asfeliu.es\\\/#\\\/schema\\\/logo\\\/image\\\/\"},\"sameAs\":[\"https:\\\/\\\/www.linkedin.com\\\/in\\\/carlesgarrigaflaquer\\\/\"]}]}<\/script>\n<!-- \/ Yoast SEO plugin. -->","yoast_head_json":{"title":"INICIO - Assessoria Sant Feliu","robots":{"index":"index","follow":"follow","max-snippet":"max-snippet:-1","max-image-preview":"max-image-preview:large","max-video-preview":"max-video-preview:-1"},"canonical":"https:\/\/www.asfeliu.es\/es\/front-page\/","og_locale":"es_ES","og_type":"article","og_title":"INICIO - Assessoria Sant Feliu","og_description":"[vc_section el_name=\u00bbFirst Section\u00bb][vc_row effect=\u00bbnone\u00bb][vc_column][\/vc_column][\/vc_row][vc_row effect=\u00bbnone\u00bb][vc_column width=\u00bb1\/3&#8243; effect=\u00bbnone\u00bb][\/vc_column][vc_column width=\u00bb1\/3&#8243; effect=\u00bbnone\u00bb][\/vc_column][vc_column width=\u00bb1\/3&#8243; effect=\u00bbnone\u00bb][\/vc_column][\/vc_row][\/vc_section][vc_section css=\u00bb.vc_custom_1695492699399{background-color: rgb(249, 130, 127) !important;}\u00bb][vc_row][vc_column][\/vc_column][\/vc_row][vc_row][vc_column width=\u00bb1\/4&#8243;][\/vc_column][vc_column width=\u00bb1\/4&#8243;][\/vc_column][vc_column width=\u00bb1\/4&#8243;][\/vc_column][vc_column width=\u00bb1\/4&#8243;][\/vc_column][\/vc_row][\/vc_section][vc_section][vc_row][vc_column width=\u00bb1\/2&#8243;][vc_column_text] Colaborador de la empresa l\u00edder a nivel europeo de seguros [\/vc_column_text][\/vc_column][vc_column width=\u00bb1\/2&#8243;][\/vc_column][\/vc_row][\/vc_section]","og_url":"https:\/\/www.asfeliu.es\/es\/front-page\/","og_site_name":"Assessoria Sant Feliu","article_modified_time":"2023-10-10T08:53:36+00:00","twitter_card":"summary_large_image","twitter_misc":{"Tiempo de lectura":"3 minutos"},"schema":{"@context":"https:\/\/schema.org","@graph":[{"@type":"WebPage","@id":"https:\/\/www.asfeliu.es\/es\/front-page\/","url":"https:\/\/www.asfeliu.es\/es\/front-page\/","name":"INICIO - Assessoria Sant Feliu","isPartOf":{"@id":"https:\/\/www.asfeliu.es\/#website"},"datePublished":"2016-10-25T09:33:49+00:00","dateModified":"2023-10-10T08:53:36+00:00","breadcrumb":{"@id":"https:\/\/www.asfeliu.es\/es\/front-page\/#breadcrumb"},"inLanguage":"es","potentialAction":[{"@type":"ReadAction","target":["https:\/\/www.asfeliu.es\/es\/front-page\/"]}]},{"@type":"BreadcrumbList","@id":"https:\/\/www.asfeliu.es\/es\/front-page\/#breadcrumb","itemListElement":[{"@type":"ListItem","position":1,"name":"Inici","item":"https:\/\/www.asfeliu.es\/es\/front-page\/"},{"@type":"ListItem","position":2,"name":"INICIO"}]},{"@type":"WebSite","@id":"https:\/\/www.asfeliu.es\/#website","url":"https:\/\/www.asfeliu.es\/","name":"Assessoria Sant Feliu","description":"Assessoria fiscal, laboral, assegurances i tr\u00e0nsit","publisher":{"@id":"https:\/\/www.asfeliu.es\/#organization"},"potentialAction":[{"@type":"SearchAction","target":{"@type":"EntryPoint","urlTemplate":"https:\/\/www.asfeliu.es\/?s={search_term_string}"},"query-input":{"@type":"PropertyValueSpecification","valueRequired":true,"valueName":"search_term_string"}}],"inLanguage":"es"},{"@type":"Organization","@id":"https:\/\/www.asfeliu.es\/#organization","name":"Assessoria Sant Feliu","url":"https:\/\/www.asfeliu.es\/","logo":{"@type":"ImageObject","inLanguage":"es","@id":"https:\/\/www.asfeliu.es\/#\/schema\/logo\/image\/","url":"https:\/\/www.asfeliu.es\/wp-content\/uploads\/2023\/09\/FAVICON-1.png","contentUrl":"https:\/\/www.asfeliu.es\/wp-content\/uploads\/2023\/09\/FAVICON-1.png","width":512,"height":512,"caption":"Assessoria Sant Feliu"},"image":{"@id":"https:\/\/www.asfeliu.es\/#\/schema\/logo\/image\/"},"sameAs":["https:\/\/www.linkedin.com\/in\/carlesgarrigaflaquer\/"]}]}},"_links":{"self":[{"href":"https:\/\/www.asfeliu.es\/es\/wp-json\/wp\/v2\/pages\/8331","targetHints":{"allow":["GET"]}}],"collection":[{"href":"https:\/\/www.asfeliu.es\/es\/wp-json\/wp\/v2\/pages"}],"about":[{"href":"https:\/\/www.asfeliu.es\/es\/wp-json\/wp\/v2\/types\/page"}],"author":[{"embeddable":true,"href":"https:\/\/www.asfeliu.es\/es\/wp-json\/wp\/v2\/users\/1"}],"replies":[{"embeddable":true,"href":"https:\/\/www.asfeliu.es\/es\/wp-json\/wp\/v2\/comments?post=8331"}],"version-history":[{"count":6,"href":"https:\/\/www.asfeliu.es\/es\/wp-json\/wp\/v2\/pages\/8331\/revisions"}],"predecessor-version":[{"id":8375,"href":"https:\/\/www.asfeliu.es\/es\/wp-json\/wp\/v2\/pages\/8331\/revisions\/8375"}],"wp:attachment":[{"href":"https:\/\/www.asfeliu.es\/es\/wp-json\/wp\/v2\/media?parent=8331"}],"curies":[{"name":"wp","href":"https:\/\/api.w.org\/{rel}","templated":true}]}}